{"id":25109,"date":"2021-05-11T12:37:28","date_gmt":"2021-05-11T12:37:28","guid":{"rendered":"https:\/\/micuna.com\/non%20class\u00e9\/sabana-bathtub-cover\/"},"modified":"2024-04-24T08:29:54","modified_gmt":"2024-04-24T06:29:54","slug":"housse-de-matelas-a-langer-pour-baignoire-sabana","status":"publish","type":"product","link":"https:\/\/micuna.com\/fr\/product\/chambres\/meubles-de-bain\/housse-de-matelas-a-langer-pour-baignoire-sabana\/","title":{"rendered":"Sabana Housse de Matelas \u00e0 Langer Baignoire"},"content":{"rendered":"<p><strong> SABANA TX-1152 HOUSSE DE MATELAS \u00c0 LANGER POUR BAIGNOIRE<\/strong><\/p>\n<p><strong>Couleur:<\/strong> blanc-gris<\/p>\n<p><strong>Mat\u00e9riau:<br \/>\n<\/strong>\u2013\u00a0100% fibre de bambou<br \/>\n\u2013\u00a0Piqu\u00e9 50% coton, 50% polyester<br \/>\n\u2013\u00a0Vichy 60% coton, 40% polyester<\/p>\n<p><strong>Caract\u00e9ristiques:<br \/>\n<\/strong>\u2013\u00a0Housse ajustable<br \/>\n\u2013\u00a0Ne comprend pas le matelas<\/p>\n","protected":false},"excerpt":{"rendered":"<p>La girafe de la savane est la protagoniste de cette collection qui \u00e9gaie toute chambre d\u2019enfant. Dans des tons blancs et gris pour d\u00e9corer la chambre du b\u00e9b\u00e9 comme bon vous semble.<\/p>\n<p>L\u2019article pr\u00e9sent\u00e9 sur la photo est notre housse pour rev\u00eatir le plan \u00e0 langer de la baignoire et rendre le contact du b\u00e9b\u00e9 avec le meuble plus agr\u00e9able. Fabriqu\u00e9e en tissu-\u00e9ponge en fibre de bambou v\u00e9ritable, le mat\u00e9riau le plus d\u00e9licat et le plus appropri\u00e9 pour prendre soin de la peau de votre b\u00e9b\u00e9. Id\u00e9al pour changer les couches ou habiller le b\u00e9b\u00e9 apr\u00e8s le bain&#8230;<\/p>\n<p>Cette collection textile comprend \u00e9galement une parure de draps et un ensemble tour de lit et couette. Elle s\u2019associera \u00e0 la perfection avec le lit b\u00e9b\u00e9 et la baignoire SABANA ainsi qu\u2019avec toutes nos collections de 120\u00a0x\u00a060\u00a0cm<\/p>\n","protected":false},"featured_media":28559,"template":"","meta":[],"product_brand":[],"product_cat":[1846],"product_tag":[1890],"class_list":{"0":"post-25109","1":"product","2":"type-product","3":"status-publish","4":"has-post-thumbnail","6":"product_cat-meubles-de-bain","7":"product_tag-collection-sabana","9":"first","10":"instock","11":"shipping-taxable","12":"product-type-simple"},"_links":{"self":[{"href":"https:\/\/micuna.com\/fr\/wp-json\/wp\/v2\/product\/25109","targetHints":{"allow":["GET"]}}],"collection":[{"href":"https:\/\/micuna.com\/fr\/wp-json\/wp\/v2\/product"}],"about":[{"href":"https:\/\/micuna.com\/fr\/wp-json\/wp\/v2\/types\/product"}],"wp:featuredmedia":[{"embeddable":true,"href":"https:\/\/micuna.com\/fr\/wp-json\/wp\/v2\/media\/28559"}],"wp:attachment":[{"href":"https:\/\/micuna.com\/fr\/wp-json\/wp\/v2\/media?parent=25109"}],"wp:term":[{"taxonomy":"product_brand","embeddable":true,"href":"https:\/\/micuna.com\/fr\/wp-json\/wp\/v2\/product_brand?post=25109"},{"taxonomy":"product_cat","embeddable":true,"href":"https:\/\/micuna.com\/fr\/wp-json\/wp\/v2\/product_cat?post=25109"},{"taxonomy":"product_tag","embeddable":true,"href":"https:\/\/micuna.com\/fr\/wp-json\/wp\/v2\/product_tag?post=25109"}],"curies":[{"name":"wp","href":"https:\/\/api.w.org\/{rel}","templated":true}]}}